{"id":302,"date":"2020-01-15T21:20:45","date_gmt":"2020-01-15T21:20:45","guid":{"rendered":"http:\/\/tv-waldkirchen.de\/?page_id=302"},"modified":"2020-01-15T21:20:45","modified_gmt":"2020-01-15T21:20:45","slug":"impressum-datenschutz","status":"publish","type":"page","link":"http:\/\/tv-waldkirchen.de\/?page_id=302","title":{"rendered":"Impressum &#038; Datenschutz"},"content":{"rendered":"\n<h1 class=\"wp-block-heading\">Impressum<\/h1>\n\n\n\n<h2 class=\"wp-block-heading\">Angaben gem\u00e4\u00df \u00a7 5 TMG:<\/h2>\n\n\n\n<p>Trachtenverein Waldlerbuam e.V.<br>Oberleinbach 39<br> 94065 Waldkirchen<\/p>\n\n\n\n<h2 class=\"wp-block-heading\">Vertreten durch:<\/h2>\n\n\n\n<p>Herrn Marco Maier<\/p>\n\n\n\n<h2 class=\"wp-block-heading\">Kontakt:<\/h2>\n\n\n\n<p>Telefon: +49 (0) 8581 987839<br> E-Mail: <a href=\"mailto:info@trachtenverein-waldkirchen.de\">info@trachtenverein-waldkirchen.de<\/a><\/p>\n\n\n\n<h2 class=\"wp-block-heading\">Streitschlichtung<\/h2>\n\n\n\n<p>Die Europ\u00e4ische Kommission stellt eine Plattform zur Online-Streitbeilegung (OS) bereit: <a href=\"https:\/\/ec.europa.eu\/consumers\/odr\" target=\"_blank\" rel=\"noreferrer noopener\">https:\/\/ec.europa.eu\/consumers\/odr<\/a>.<br> Unsere E-Mail-Adresse finden Sie oben im Impressum.<\/p>\n\n\n\n<p>Wir sind nicht bereit oder verpflichtet, an Streitbeilegungsverfahren vor einer Verbraucherschlichtungsstelle teilzunehmen.<\/p>\n\n\n\n<h3 class=\"wp-block-heading\">Haftung f\u00fcr Inhalte<\/h3>\n\n\n\n<p>Als Diensteanbieter sind wir gem\u00e4\u00df \u00a7 7 Abs.1 TMG f\u00fcr eigene Inhalte \nauf diesen Seiten nach den allgemeinen Gesetzen verantwortlich. Nach \u00a7\u00a7 8\n bis 10 TMG sind wir als Diensteanbieter jedoch nicht verpflichtet, \n\u00fcbermittelte oder gespeicherte fremde Informationen zu \u00fcberwachen oder \nnach Umst\u00e4nden zu forschen, die auf eine rechtswidrige T\u00e4tigkeit \nhinweisen.<\/p>\n\n\n\n<p>Verpflichtungen zur Entfernung oder Sperrung der Nutzung von \nInformationen nach den allgemeinen Gesetzen bleiben hiervon unber\u00fchrt. \nEine diesbez\u00fcgliche Haftung ist jedoch erst ab dem Zeitpunkt der \nKenntnis einer konkreten Rechtsverletzung m\u00f6glich. Bei Bekanntwerden von\n entsprechenden Rechtsverletzungen werden wir diese Inhalte umgehend \nentfernen.<\/p>\n\n\n\n<h3 class=\"wp-block-heading\">Haftung f\u00fcr Links<\/h3>\n\n\n\n<p>Unser Angebot enth\u00e4lt Links zu externen Websites Dritter, auf deren \nInhalte wir keinen Einfluss haben. Deshalb k\u00f6nnen wir f\u00fcr diese fremden \nInhalte auch keine Gew\u00e4hr \u00fcbernehmen. F\u00fcr die Inhalte der verlinkten \nSeiten ist stets der jeweilige Anbieter oder Betreiber der Seiten \nverantwortlich. Die verlinkten Seiten wurden zum Zeitpunkt der \nVerlinkung auf m\u00f6gliche Rechtsverst\u00f6\u00dfe \u00fcberpr\u00fcft. Rechtswidrige Inhalte \nwaren zum Zeitpunkt der Verlinkung nicht erkennbar.<\/p>\n\n\n\n<p>Eine permanente inhaltliche Kontrolle der verlinkten Seiten ist \njedoch ohne konkrete Anhaltspunkte einer Rechtsverletzung nicht \nzumutbar. Bei Bekanntwerden von Rechtsverletzungen werden wir derartige \nLinks umgehend entfernen.<\/p>\n\n\n\n<h3 class=\"wp-block-heading\">Urheberrecht<\/h3>\n\n\n\n<p>Die durch die Seitenbetreiber erstellten Inhalte und Werke auf diesen\n Seiten unterliegen dem deutschen Urheberrecht. Die Vervielf\u00e4ltigung, \nBearbeitung, Verbreitung und jede Art der Verwertung au\u00dferhalb der \nGrenzen des Urheberrechtes bed\u00fcrfen der schriftlichen Zustimmung des \njeweiligen Autors bzw. Erstellers. Downloads und Kopien dieser Seite \nsind nur f\u00fcr den privaten, nicht kommerziellen Gebrauch gestattet.<\/p>\n\n\n\n<p>Soweit die Inhalte auf dieser Seite nicht vom Betreiber erstellt \nwurden, werden die Urheberrechte Dritter beachtet. Insbesondere werden \nInhalte Dritter als solche gekennzeichnet. Sollten Sie trotzdem auf eine\n Urheberrechtsverletzung aufmerksam werden, bitten wir um einen \nentsprechenden Hinweis. Bei Bekanntwerden von Rechtsverletzungen werden \nwir derartige Inhalte umgehend entfernen.<\/p>\n\n\n\n<h1 class=\"wp-block-heading\">Datenschutzerkl\u00e4rung<\/h1>\n\n\n\n<h2 class=\"wp-block-heading\">1. Datenschutz auf einen Blick<\/h2>\n\n\n\n<h3 class=\"wp-block-heading\">Allgemeine Hinweise<\/h3>\n\n\n\n<p>Die folgenden Hinweise geben einen einfachen \u00dcberblick dar\u00fcber, was \nmit Ihren personenbezogenen Daten passiert, wenn Sie unsere Website \nbesuchen. Personenbezogene Daten sind alle Daten, mit denen Sie \npers\u00f6nlich identifiziert werden k\u00f6nnen. Ausf\u00fchrliche Informationen zum \nThema Datenschutz entnehmen Sie unserer unter diesem Text aufgef\u00fchrten \nDatenschutzerkl\u00e4rung.<\/p>\n\n\n\n<h3 class=\"wp-block-heading\">Datenerfassung auf unserer Website<\/h3>\n\n\n\n<p><strong>Wer ist verantwortlich f\u00fcr die Datenerfassung auf dieser Website?<\/strong><\/p>\n\n\n\n<p>Die Datenverarbeitung auf dieser Website erfolgt durch den \nWebsitebetreiber. Dessen Kontaktdaten k\u00f6nnen Sie dem Impressum dieser \nWebsite entnehmen.<\/p>\n\n\n\n<p><strong>Wie erfassen wir Ihre Daten?<\/strong><\/p>\n\n\n\n<p>Ihre Daten werden zum einen dadurch erhoben, dass Sie uns diese \nmitteilen. Hierbei kann es sich z.B. um Daten handeln, die Sie in ein \nKontaktformular eingeben.<\/p>\n\n\n\n<p>Andere Daten werden automatisch beim Besuch der Website durch unsere \nIT-Systeme erfasst. Das sind vor allem technische Daten (z.B. \nInternetbrowser, Betriebssystem oder Uhrzeit des Seitenaufrufs). Die \nErfassung dieser Daten erfolgt automatisch, sobald Sie unsere Website \nbetreten.<\/p>\n\n\n\n<p><strong>Wof\u00fcr nutzen wir Ihre Daten?<\/strong><\/p>\n\n\n\n<p>Ein Teil der Daten wird erhoben, um eine fehlerfreie Bereitstellung \nder Website zu gew\u00e4hrleisten. Andere Daten k\u00f6nnen zur Analyse Ihres \nNutzerverhaltens verwendet werden.<\/p>\n\n\n\n<p><strong>Welche Rechte haben Sie bez\u00fcglich Ihrer Daten?<\/strong><\/p>\n\n\n\n<p>Sie haben jederzeit das Recht unentgeltlich Auskunft \u00fcber Herkunft, \nEmpf\u00e4nger und Zweck Ihrer gespeicherten personenbezogenen Daten zu \nerhalten. Sie haben au\u00dferdem ein Recht, die Berichtigung, Sperrung oder \nL\u00f6schung dieser Daten zu verlangen. Hierzu sowie zu weiteren Fragen zum \nThema Datenschutz k\u00f6nnen Sie sich jederzeit unter der im Impressum \nangegebenen Adresse an uns wenden. Des Weiteren steht Ihnen ein \nBeschwerderecht bei der zust\u00e4ndigen Aufsichtsbeh\u00f6rde zu.<\/p>\n\n\n\n<h3 class=\"wp-block-heading\">Analyse-Tools und Tools von Drittanbietern<\/h3>\n\n\n\n<p>Beim Besuch unserer Website kann Ihr Surf-Verhalten statistisch \nausgewertet werden. Das geschieht vor allem mit Cookies und mit \nsogenannten Analyseprogrammen. Die Analyse Ihres Surf-Verhaltens erfolgt\n in der Regel anonym; das Surf-Verhalten kann nicht zu Ihnen \nzur\u00fcckverfolgt werden. Sie k\u00f6nnen dieser Analyse widersprechen oder sie \ndurch die Nichtbenutzung bestimmter Tools verhindern. Detaillierte \nInformationen dazu finden Sie in der folgenden Datenschutzerkl\u00e4rung.<\/p>\n\n\n\n<p>Sie k\u00f6nnen dieser Analyse widersprechen. \u00dcber die \nWiderspruchsm\u00f6glichkeiten werden wir Sie in dieser Datenschutzerkl\u00e4rung \ninformieren.<\/p>\n\n\n\n<h2 class=\"wp-block-heading\">2. Allgemeine Hinweise und Pflichtinformationen<\/h2>\n\n\n\n<h3 class=\"wp-block-heading\">Datenschutz<\/h3>\n\n\n\n<p>Die Betreiber dieser Seiten nehmen den Schutz Ihrer pers\u00f6nlichen \nDaten sehr ernst. Wir behandeln Ihre personenbezogenen Daten vertraulich\n und entsprechend der gesetzlichen Datenschutzvorschriften sowie dieser \nDatenschutzerkl\u00e4rung.<\/p>\n\n\n\n<p>Wenn Sie diese Website benutzen, werden verschiedene personenbezogene\n Daten erhoben. Personenbezogene Daten sind Daten, mit denen Sie \npers\u00f6nlich identifiziert werden k\u00f6nnen. Die vorliegende \nDatenschutzerkl\u00e4rung erl\u00e4utert, welche Daten wir erheben und wof\u00fcr wir \nsie nutzen. Sie erl\u00e4utert auch, wie und zu welchem Zweck das geschieht.<\/p>\n\n\n\n<p>Wir weisen darauf hin, dass die Daten\u00fcbertragung im Internet (z.B. \nbei der Kommunikation per E-Mail) Sicherheitsl\u00fccken aufweisen kann. Ein \nl\u00fcckenloser Schutz der Daten vor dem Zugriff durch Dritte ist nicht \nm\u00f6glich.<\/p>\n\n\n\n<h3 class=\"wp-block-heading\">Hinweis zur verantwortlichen Stelle<\/h3>\n\n\n\n<p>Die verantwortliche Stelle f\u00fcr die Datenverarbeitung auf dieser Website ist:<\/p>\n\n\n\n<p>Trachtenverein Waldlerbuam e.V.<br> Vorstand: Marco Maier<br>Oberleinbach 39<br> 94065 Waldkirchen<\/p>\n\n\n\n<p>Telefon: +49 (0) 8581 987839<br> E-Mail: <a href=\"mailto:info@trachtenverein-waldkirchen.de\">info@trachtenverein-waldkirchen.de<\/a><\/p>\n\n\n\n<p>Verantwortliche Stelle ist die nat\u00fcrliche oder juristische Person, \ndie allein oder gemeinsam mit anderen \u00fcber die Zwecke und Mittel der \nVerarbeitung von personenbezogenen Daten (z.B. Namen, E-Mail-Adressen o.\n \u00c4.) entscheidet.<\/p>\n\n\n\n<h3 class=\"wp-block-heading\">Widerruf Ihrer Einwilligung zur Datenverarbeitung<\/h3>\n\n\n\n<p>Viele Datenverarbeitungsvorg\u00e4nge sind nur mit Ihrer ausdr\u00fccklichen \nEinwilligung m\u00f6glich. Sie k\u00f6nnen eine bereits erteilte Einwilligung \njederzeit widerrufen. Dazu reicht eine formlose Mitteilung per E-Mail an\n uns. Die Rechtm\u00e4\u00dfigkeit der bis zum Widerruf erfolgten \nDatenverarbeitung bleibt vom Widerruf unber\u00fchrt.<\/p>\n\n\n\n<h3 class=\"wp-block-heading\">Recht auf Daten\u00fcbertragbarkeit<\/h3>\n\n\n\n<p>Sie haben das Recht, Daten, die wir auf Grundlage Ihrer Einwilligung \noder in Erf\u00fcllung eines Vertrags automatisiert verarbeiten, an sich oder\n an einen Dritten in einem g\u00e4ngigen, maschinenlesbaren Format \naush\u00e4ndigen zu lassen. Sofern Sie die direkte \u00dcbertragung der Daten an \neinen anderen Verantwortlichen verlangen, erfolgt dies nur, soweit es \ntechnisch machbar ist.<\/p>\n\n\n\n<h3 class=\"wp-block-heading\">SSL- bzw. TLS-Verschl\u00fcsselung<\/h3>\n\n\n\n<p>Diese Seite nutzt aus Sicherheitsgr\u00fcnden und zum Schutz der \n\u00dcbertragung vertraulicher Inhalte, wie zum Beispiel Bestellungen oder \nAnfragen, die Sie an uns als Seitenbetreiber senden, eine SSL-bzw. \nTLS-Verschl\u00fcsselung. Eine verschl\u00fcsselte Verbindung erkennen Sie daran, \ndass die Adresszeile des Browsers von \u201chttp:\/\/\u201d auf \u201chttps:\/\/\u201d wechselt \nund an dem Schloss-Symbol in Ihrer Browserzeile.<\/p>\n\n\n\n<p>Wenn die SSL- bzw. TLS-Verschl\u00fcsselung aktiviert ist, k\u00f6nnen die \nDaten, die Sie an uns \u00fcbermitteln, nicht von Dritten mitgelesen werden.<\/p>\n\n\n\n<h3 class=\"wp-block-heading\">Auskunft, Sperrung, L\u00f6schung<\/h3>\n\n\n\n<p>Sie haben im Rahmen der geltenden gesetzlichen Bestimmungen jederzeit\n das Recht auf unentgeltliche Auskunft \u00fcber Ihre gespeicherten \npersonenbezogenen Daten, deren Herkunft und Empf\u00e4nger und den Zweck der \nDatenverarbeitung und ggf. ein Recht auf Berichtigung, Sperrung oder \nL\u00f6schung dieser Daten. Hierzu sowie zu weiteren Fragen zum Thema \npersonenbezogene Daten k\u00f6nnen Sie sich jederzeit unter der im Impressum \nangegebenen Adresse an uns wenden.<\/p>\n\n\n\n<h3 class=\"wp-block-heading\">Widerspruch gegen Werbe-Mails<\/h3>\n\n\n\n<p>Der Nutzung von im Rahmen der Impressumspflicht ver\u00f6ffentlichten \nKontaktdaten zur \u00dcbersendung von nicht ausdr\u00fccklich angeforderter \nWerbung und Informationsmaterialien wird hiermit widersprochen. Die \nBetreiber der Seiten behalten sich ausdr\u00fccklich rechtliche Schritte im \nFalle der unverlangten Zusendung von Werbeinformationen, etwa durch \nSpam-E-Mails, vor.<\/p>\n\n\n\n<h2 class=\"wp-block-heading\">3. Datenerfassung auf unserer Website<\/h2>\n\n\n\n<h3 class=\"wp-block-heading\">Cookies<\/h3>\n\n\n\n<p>Die Internetseiten verwenden teilweise so genannte Cookies. Cookies \nrichten auf Ihrem Rechner keinen Schaden an und enthalten keine Viren. \nCookies dienen dazu, unser Angebot nutzerfreundlicher, effektiver und \nsicherer zu machen. Cookies sind kleine Textdateien, die auf Ihrem \nRechner abgelegt werden und die Ihr Browser speichert.<\/p>\n\n\n\n<p>Die meisten der von uns verwendeten Cookies sind so genannte \n\u201cSession-Cookies\u201d. Sie werden nach Ende Ihres Besuchs automatisch \ngel\u00f6scht. Andere Cookies bleiben auf Ihrem Endger\u00e4t gespeichert bis Sie \ndiese l\u00f6schen. Diese Cookies erm\u00f6glichen es uns, Ihren Browser beim \nn\u00e4chsten Besuch wiederzuerkennen.<\/p>\n\n\n\n<p>Sie k\u00f6nnen Ihren Browser so einstellen, dass Sie \u00fcber das Setzen von \nCookies informiert werden und Cookies nur im Einzelfall erlauben, die \nAnnahme von Cookies f\u00fcr bestimmte F\u00e4lle oder generell ausschlie\u00dfen sowie\n das automatische L\u00f6schen der Cookies beim Schlie\u00dfen des Browser \naktivieren. Bei der Deaktivierung von Cookies kann die Funktionalit\u00e4t \ndieser Website eingeschr\u00e4nkt sein.<\/p>\n\n\n\n<p>Cookies, die zur Durchf\u00fchrung des elektronischen \nKommunikationsvorgangs oder zur Bereitstellung bestimmter, von Ihnen \nerw\u00fcnschter Funktionen (z.B. Warenkorbfunktion) erforderlich sind, \nwerden auf Grundlage von Art. 6 Abs. 1 lit. f DSGVO gespeichert. Der \nWebsitebetreiber hat ein berechtigtes Interesse an der Speicherung von \nCookies zur technisch fehlerfreien und optimierten Bereitstellung seiner\n Dienste. Soweit andere Cookies (z.B. Cookies zur Analyse Ihres \nSurfverhaltens) gespeichert werden, werden diese in dieser \nDatenschutzerkl\u00e4rung gesondert behandelt.<\/p>\n\n\n\n<h2 class=\"wp-block-heading\">4. Plugins und Tools<\/h2>\n\n\n\n<h3 class=\"wp-block-heading\">YouTube<\/h3>\n\n\n\n<p>Unsere Website nutzt Plugins der von Google betriebenen Seite \nYouTube. Betreiber der Seiten ist die YouTube, LLC, 901 Cherry Ave., San\n Bruno, CA 94066, USA.<\/p>\n\n\n\n<p>Wenn Sie eine unserer mit einem YouTube-Plugin ausgestatteten Seiten \nbesuchen, wird eine Verbindung zu den Servern von YouTube hergestellt. \nDabei wird dem YouTube-Server mitgeteilt, welche unserer Seiten Sie \nbesucht haben.<\/p>\n\n\n\n<p>Wenn Sie in Ihrem YouTube-Account eingeloggt sind, erm\u00f6glichen Sie \nYouTube, Ihr Surfverhalten direkt Ihrem pers\u00f6nlichen Profil zuzuordnen. \nDies k\u00f6nnen Sie verhindern, indem Sie sich aus Ihrem YouTube-Account \nausloggen.<\/p>\n\n\n\n<p>Die Nutzung von YouTube erfolgt im Interesse einer ansprechenden \nDarstellung unserer Online-Angebote. Dies stellt ein berechtigtes \nInteresse im Sinne von Art. 6 Abs. 1 lit. f DSGVO dar.<\/p>\n\n\n\n<p>Weitere Informationen zum Umgang mit Nutzerdaten finden Sie in d<\/p>\n","protected":false},"excerpt":{"rendered":"","protected":false},"author":1,"featured_media":0,"parent":0,"menu_order":0,"comment_status":"closed","ping_status":"closed","template":"","meta":{"ngg_post_thumbnail":0,"footnotes":""},"class_list":["post-302","page","type-page","status-publish","hentry"],"_links":{"self":[{"href":"http:\/\/tv-waldkirchen.de\/index.php?rest_route=\/wp\/v2\/pages\/302","targetHints":{"allow":["GET"]}}],"collection":[{"href":"http:\/\/tv-waldkirchen.de\/index.php?rest_route=\/wp\/v2\/pages"}],"about":[{"href":"http:\/\/tv-waldkirchen.de\/index.php?rest_route=\/wp\/v2\/types\/page"}],"author":[{"embeddable":true,"href":"http:\/\/tv-waldkirchen.de\/index.php?rest_route=\/wp\/v2\/users\/1"}],"replies":[{"embeddable":true,"href":"http:\/\/tv-waldkirchen.de\/index.php?rest_route=%2Fwp%2Fv2%2Fcomments&post=302"}],"version-history":[{"count":1,"href":"http:\/\/tv-waldkirchen.de\/index.php?rest_route=\/wp\/v2\/pages\/302\/revisions"}],"predecessor-version":[{"id":303,"href":"http:\/\/tv-waldkirchen.de\/index.php?rest_route=\/wp\/v2\/pages\/302\/revisions\/303"}],"wp:attachment":[{"href":"http:\/\/tv-waldkirchen.de\/index.php?rest_route=%2Fwp%2Fv2%2Fmedia&parent=302"}],"curies":[{"name":"wp","href":"https:\/\/api.w.org\/{rel}","templated":true}]}}