{"id":171,"date":"2020-01-15T19:00:13","date_gmt":"2020-01-15T19:00:13","guid":{"rendered":"http:\/\/tv-waldkirchen.de\/?page_id=171"},"modified":"2020-01-15T19:34:31","modified_gmt":"2020-01-15T19:34:31","slug":"chronik","status":"publish","type":"page","link":"http:\/\/tv-waldkirchen.de\/?page_id=171","title":{"rendered":"Chronik"},"content":{"rendered":"\n<h2 class=\"wp-block-heading\"> Ortsgeschichte<\/h2>\n\n\n\n<p> Der  Sage nach verirrte sich ein jagender Ritter im weiten, unwegsamen  Wald,  zwischen Passau und B\u00f6hmen. Vom Geheul der W\u00f6lfe in Angst  versetzt,  gelobte er, wenn er den rechten Weg wieder f\u00e4nde, an dieser  Stelle ein  Kirchlein im Wald zu bauen. Da h\u00f6rte er die Glocken von  Hutthurm und ihr  Schall wies ihm die Richtung ins besiedelte Land  hinaus. Zum Dank und  in Erf\u00fcllung seines Versprechens baute er die  Kirche im Wald.  Dem  Passauer Reformbischof Altmann (1065- 1091) d\u00fcrfte die  Pfarrgr\u00fcndung zu  verdanken sein. Um 1200 wird ein Pfarrer von  Waldkirchen, kurz darauf  auch ein Richter genannt, schon damals muss  der Ort von den Passauer  F\u00fcrstbisch\u00f6fen die Marktrechte erhalten haben.  Die  Errichtung eines Handelsweges, den so genannten &#8222;Goldenen Steig&#8220;   spielte in der Geschichte Waldkirchens eine entscheidende Rolle. Dieser   Handelsweg, der das salzlose B\u00f6hmen mit den Salzlagerst\u00e4tten im   Rupertigau verband, f\u00fchrte von Passau \u00fcber Strasskirchen, Deching,   Oberleinbach und Sickling nach Waldkirchen, von hier nach Wallern und   weiter nach Prachatitz. Als Sitz einer alten und gro\u00dfen Pfarrei und  wichtigstem Platz am &#8222;Goldenen Steig&#8220; erlangte der Markt schon fr\u00fch  Bedeutung. Die  erste Bl\u00fctezeit Waldkirchens begann um die Mitte des 13.  Jahrhunderts  mit dem Aufschwung des S\u00e4umerhandels am Salzweg von  Passau nach B\u00f6hmen.  Die S\u00e4umer mussten auf ihrem weiten Weg Einkehr  halten, Futter f\u00fcr die  Lasttiere aufnehmen und Lebensmittel zur  Bew\u00e4ltigung des anstrengenden  Marsches besorgen. Die S\u00e4umer brauchten  also Lebensmittel und die Bauern  der umliegenden D\u00f6rfer einen Platz zum  Feilbieten ihrer Erzeugnisse. In diese Zeit fallt die gro\u00dfz\u00fcgige Anlage  des Marktplatzes unterhalb der Kirche und des alten Ortsteiles &#8222;Am  B\u00fcchl&#8220;. Schwere  Zeiten f\u00fcr den Waldmarkt brachte dann das 15.  Jahrhundert, als  b\u00f6hmische Scharen mehrmals den Ort bedr\u00e4ngten und ihm  1458 eine  Brandschatzung auferlegten. Bischof Ulrich von Nussdorf lie\u00df  daraufhin  Waldkirchen mit einer starken Ringmauer mit zwei Tor- und  zehn  Wehrt\u00fcrmen umgeben, von der sich gr\u00f6\u00dfere Teile, freilich verbaut  und  ver\u00e4ndert, bis heute erhalten haben. Waldkirchen wurde so zum  einzigen  befestigten Ort des Passauer Abteilandes. Wiederholt  wurde  Waldkirchen von verheerenden Brandkatastrophen heimgesucht (1492,  1683,  1782 und 1862). Aber immer wieder erholte sich der Ort und wurde  neu  aufgebaut. Die Ringmauer, die sich bei allen gro\u00dfen Br\u00e4nden als   gef\u00e4hrliches Hindernis erwies, wurde nach den Br\u00e4nden von 1782, vor   allem aber nach 1862 zum gro\u00dfen Teil niedergerissen oder verbaut, auch   wurden die beiden Toranlagen abgetragen. Mit der Er\u00f6ffnung einer   Postexpedition 1853 und eines Amtsgerichtes 1862, dem Bau der neuen   Passauer Stra\u00dfe 1874 und dem Anschluss an das Bahnnetz Passau &#8211;   Waldkirchen &#8211; Freyung 1892, Waldkirchen &#8211; Haidm\u00fchle &#8211; B\u00f6hmen 1910,   begann f\u00fcr Waldkirchen der Aufbruch in die neue Zeit. &nbsp;  <\/p>\n\n\n\n<p>\n  Ob sich die  Gr\u00fcndung von Waldkirchen so zugetragen hat, steht \nnat\u00fcrlich nicht fest,  tats\u00e4chlich jedoch reicht der Ort, mit seiner, \nden Aposteln St. Peter  und Paul geweihten Pfarrkirche, der &#8222;Kirche im \nWald&#8220; bis in die \u00e4lteste  bayerische Siedlungszeit im Wald um die \nJahrtausendwende zur\u00fcck. \n\n<\/p>\n\n\n\n<p>\nEinen schweren R\u00fcckschlag hatte der Ort in den  letzten Tagen des 2. \nWeltkrieges zu erleiden, als am 26. April 1945  amerikanische Truppen \nden unverteidigten Markt beschossen, wobei acht  Menschen ihr Leben \nverloren und ein Gro\u00dfteil der H\u00e4user und die Kirche  zerst\u00f6rt wurden. \n\n<\/p>\n\n\n\n<div class=\"wp-block-columns has-2-columns is-layout-flex wp-container-core-columns-is-layout-9d6595d7 wp-block-columns-is-layout-flex\">\n<div class=\"wp-block-column is-layout-flow wp-block-column-is-layout-flow\">\n<p>\nDer Wiederaufbau nach dem Kriege f\u00fchrte zu einem  wirtschaftlichen \nAufschwung des Marktes Waldkirchen. Betriebe siedelten  sich an, \nweiterf\u00fchrende Schulen wurden gebaut, und \u00fcber die Anerkennung  als \nLuftkurort entwickelte sich Wald-kirchen zum Mittelpunkt des rasch  \nwachsenden Fremdenverkehrs im Unteren Bayerischen Wald. \n\n<\/p>\n\n\n\n<p>\nEine  \u00fcberaus rege Baut\u00e4tigkeit und verschiedene Eingemeindungen haben  \nschlie\u00dflich den Markt weit \u00fcber seine alten Grenzen hinaus vergr\u00f6\u00dfert. \nIm Jahre 1972 wurde der Markt Waldkirchen zur Stadt Waldkirchen erhoben.\n \n\n<\/p>\n<\/div>\n\n\n\n<div class=\"wp-block-column is-layout-flow wp-block-column-is-layout-flow\">\n<figure class=\"wp-block-image\"><img loading=\"lazy\" decoding=\"async\" width=\"400\" height=\"491\" src=\"http:\/\/tv-waldkirchen.de\/wp-content\/uploads\/2020\/01\/Chronik2.jpg\" alt=\"\" class=\"wp-image-174\" srcset=\"http:\/\/tv-waldkirchen.de\/wp-content\/uploads\/2020\/01\/Chronik2.jpg 400w, http:\/\/tv-waldkirchen.de\/wp-content\/uploads\/2020\/01\/Chronik2-244x300.jpg 244w\" sizes=\"auto, (max-width: 400px) 100vw, 400px\" \/><figcaption>  <em>Der Marktplatz Waldkirchens heute<\/em>  <\/figcaption><\/figure>\n<\/div>\n<\/div>\n\n\n\n<h2 class=\"wp-block-heading\">Vereinsgeschichte<\/h2>\n\n\n\n<div class=\"wp-block-columns has-2-columns is-layout-flex wp-container-core-columns-is-layout-9d6595d7 wp-block-columns-is-layout-flex\">\n<div class=\"wp-block-column is-layout-flow wp-block-column-is-layout-flow\">\n<p> Im  Jahre 1925 fassten beherzte M\u00e4nner im Ortsteil Richardsreut den   Entschluss, einen Trachtenverein zu gr\u00fcnden. Ma\u00dfgeblich Mitwirkende   waren Alois Garhammer, Johann S\u00fc\u00df, Xaver Lichtenauer, Heinrich Sch\u00fcll   und August Maier. Ein reges Vereinsleben begann. August Maier \u00fcbernahm  mit gro\u00dfer Ausdauer die Ausbildung des Vereins.<br>   Schon nach kurzer Zeit konnte der junge Verein bei verschiedenen   Anl\u00e4ssen Tanzdarbietungen vorf\u00fchren. Mit 23 Mitgliedern war der Verein   damals noch klein, aber jedes Jahr fand dieser Verein immer mehr   Anh\u00e4nger unter der Bev\u00f6lkerung.<\/p>\n\n\n\n<p> \u00a0  <\/p>\n<\/div>\n\n\n\n<div class=\"wp-block-column is-layout-flow wp-block-column-is-layout-flow\">\n<figure class=\"wp-block-image\"><img loading=\"lazy\" decoding=\"async\" width=\"400\" height=\"594\" src=\"http:\/\/tv-waldkirchen.de\/wp-content\/uploads\/2020\/01\/Chronik4.jpg\" alt=\"\" class=\"wp-image-176\" srcset=\"http:\/\/tv-waldkirchen.de\/wp-content\/uploads\/2020\/01\/Chronik4.jpg 400w, http:\/\/tv-waldkirchen.de\/wp-content\/uploads\/2020\/01\/Chronik4-202x300.jpg 202w\" sizes=\"auto, (max-width: 400px) 100vw, 400px\" \/><figcaption> <em>Fahnenmutter Theresia Detter und Gauvorstand Boxleitner<\/em>  <\/figcaption><\/figure>\n<\/div>\n<\/div>\n\n\n\n<div class=\"wp-block-columns has-2-columns is-layout-flex wp-container-core-columns-is-layout-9d6595d7 wp-block-columns-is-layout-flex\">\n<div class=\"wp-block-column is-layout-flow wp-block-column-is-layout-flow\">\n<figure class=\"wp-block-image\"><img loading=\"lazy\" decoding=\"async\" width=\"400\" height=\"265\" src=\"http:\/\/tv-waldkirchen.de\/wp-content\/uploads\/2020\/01\/chronik3.jpg\" alt=\"\" class=\"wp-image-177\" srcset=\"http:\/\/tv-waldkirchen.de\/wp-content\/uploads\/2020\/01\/chronik3.jpg 400w, http:\/\/tv-waldkirchen.de\/wp-content\/uploads\/2020\/01\/chronik3-300x199.jpg 300w\" sizes=\"auto, (max-width: 400px) 100vw, 400px\" \/><figcaption>  <em>Plattler-Vorf\u00fchrung anl\u00e4sslich des Freyunger Volksfestes 1937<\/em>  <\/figcaption><\/figure>\n<\/div>\n\n\n\n<div class=\"wp-block-column is-layout-flow wp-block-column-is-layout-flow\">\n<p>\nIn den Anfangsjahren \u00fcbte der Vorplattler Gustl Maier  mit seinen \n&#8222;Lehrlingen&#8220; in Scheunen auf Lehmboden, da die Benutzung  eines Saales \nzu teuer gekommen w\u00e4re und in den Gaststuben das Gepolter  beim Plattln \ndoch nicht jedermanns Sache war. \n\n<\/p>\n<\/div>\n<\/div>\n\n\n\n<div class=\"wp-block-columns has-2-columns is-layout-flex wp-container-core-columns-is-layout-9d6595d7 wp-block-columns-is-layout-flex\">\n<div class=\"wp-block-column is-layout-flow wp-block-column-is-layout-flow\">\n<p>\nDie  ersten Aufzeichnungen in Wort und Bild datieren aus dem Jahr 1932. \nAus  dieser Zeit ist noch das Original-Kassenbuch vorhanden. Der  \nMitgliedsbeitrag betrug von Januar bis Juni 50 Pfennig, wurde aber im  \ngleichen Jahr noch auf 25 Pfennig reduziert. Neben  den Monatsbeitr\u00e4gen \nwaren verschiedene Veranstaltungen die  Haupteinnahmequelle des Vereins.\n So wurden regelm\u00e4\u00dfig T\u00e4nze auf B\u00e4llen  vorgef\u00fchrt (Meindl Bahnhof, \nJandelsbrunn, Grainet, Volksfeste). Nachdem  1938 alle Vereine unter dem\n nationalsozialistischen Regime aufgel\u00f6st  und parteilichen Verb\u00e4nden \nzugeordnet wurden, kam das Vereinsleben fast  v\u00f6llig zum Erliegen. Der \nKrieg und alle damit verbundenen Auswirkungen  lie\u00dfen jedes lustige \nLeben einschlafen. Nach Kriegsende war das  Vereinsleben wieder sehr \naktiv. H\u00f6hepunkt des Jahres 1950 war das  25-j\u00e4hrige Gr\u00fcndungsfest \nverbunden mit der Weihe der ersten  Vereinsfahne. Die Fahnenmutter \nTheresia Detter und ihre Ehrenjungfern  opferten viele Arbeitsstunden um\n dieses Fest, bei dem auch das 1.  Gautrachtenfest ausgerichtet wurde, \nzu einem gro\u00dfen Erfolg zu gestalten.\n\n<\/p>\n<\/div>\n\n\n\n<div class=\"wp-block-column is-layout-flow wp-block-column-is-layout-flow\">\n<figure class=\"wp-block-image\"><img loading=\"lazy\" decoding=\"async\" width=\"400\" height=\"244\" src=\"http:\/\/tv-waldkirchen.de\/wp-content\/uploads\/2020\/01\/Chronik5.jpg\" alt=\"\" class=\"wp-image-179\" srcset=\"http:\/\/tv-waldkirchen.de\/wp-content\/uploads\/2020\/01\/Chronik5.jpg 400w, http:\/\/tv-waldkirchen.de\/wp-content\/uploads\/2020\/01\/Chronik5-300x183.jpg 300w\" sizes=\"auto, (max-width: 400px) 100vw, 400px\" \/><figcaption> <em>Das erste offizielle Vereinsfoto entstand 1937 bei der evangelischen Kirche.<\/em>  <\/figcaption><\/figure>\n<\/div>\n<\/div>\n\n\n\n<div class=\"wp-block-columns has-2-columns is-layout-flex wp-container-core-columns-is-layout-9d6595d7 wp-block-columns-is-layout-flex\">\n<div class=\"wp-block-column is-layout-flow wp-block-column-is-layout-flow\">\n<figure class=\"wp-block-image\"><img loading=\"lazy\" decoding=\"async\" width=\"400\" height=\"442\" src=\"http:\/\/tv-waldkirchen.de\/wp-content\/uploads\/2020\/01\/chronik6.jpg\" alt=\"\" class=\"wp-image-180\" srcset=\"http:\/\/tv-waldkirchen.de\/wp-content\/uploads\/2020\/01\/chronik6.jpg 400w, http:\/\/tv-waldkirchen.de\/wp-content\/uploads\/2020\/01\/chronik6-271x300.jpg 271w\" sizes=\"auto, (max-width: 400px) 100vw, 400px\" \/><figcaption> <em>Bereits  1967 konnte der &#8222;Waldkirchner Zweigesang (hier Hedwig Gr\u00fcbl und  Marianne Seibold) sein K\u00f6nnen auf zahlreichen Veranstaltungen unter  Beweis stellen.<\/em>  <\/figcaption><\/figure>\n<\/div>\n\n\n\n<div class=\"wp-block-column is-layout-flow wp-block-column-is-layout-flow\">\n<p>\n Die 60er-Jahre brachten einen regen Aufschwung in das Vereinsleben. Der\n  Erl\u00f6s aus zahlreichen Tanzveranstaltungen wurde als Spende f\u00fcr  \ngemeinn\u00fctzige Zwecke verwendet. Der einsetzende Fremdenverkehr trug dazu\n  bei, dass der Verein sein K\u00f6nnen weit \u00fcber unsere Region hinaus unter \n Beweis stellen konnte \n\n<\/p>\n<\/div>\n<\/div>\n\n\n\n<div class=\"wp-block-columns has-2-columns is-layout-flex wp-container-core-columns-is-layout-9d6595d7 wp-block-columns-is-layout-flex\">\n<div class=\"wp-block-column is-layout-flow wp-block-column-is-layout-flow\">\n<figure class=\"wp-block-image\"><img loading=\"lazy\" decoding=\"async\" width=\"400\" height=\"274\" src=\"http:\/\/tv-waldkirchen.de\/wp-content\/uploads\/2020\/01\/chronik7.jpg\" alt=\"\" class=\"wp-image-181\" srcset=\"http:\/\/tv-waldkirchen.de\/wp-content\/uploads\/2020\/01\/chronik7.jpg 400w, http:\/\/tv-waldkirchen.de\/wp-content\/uploads\/2020\/01\/chronik7-300x206.jpg 300w\" sizes=\"auto, (max-width: 400px) 100vw, 400px\" \/><figcaption> <em>Holzhacker-Plattler &#8211; Heimatabend im Diesingsaal 1980<\/em>  <\/figcaption><\/figure>\n<\/div>\n\n\n\n<div class=\"wp-block-column is-layout-flow wp-block-column-is-layout-flow\">\n<p>\n Das  Vereinsleben ist von jeher gepr\u00e4gt durch allj\u00e4hrlich \nwiederkehrende,  traditionelle Veranstaltungen. Hierzu geh\u00f6ren \nTrachtenfeste,  Faschingsb\u00e4lle, Gautrachtenfeste und Vereinsausfl\u00fcge. \nEbenso geh\u00f6ren das  Maibaumaufstellen und das Pfingstv\u00f6gel &#8211; Singa zu \nden H\u00f6hepunkten im  Vereinsjahr. Eine lange Tradition der &#8222;Waldlerbuam&#8220; \nhat auch das Musizieren. Die Teilnahme an den verschiedenen \nFestlichkeiten der Heimatvereine und des Gaues war und ist \nselbstverst\u00e4ndlich.\n\n<\/p>\n<\/div>\n<\/div>\n\n\n\n<p>\nAlle  Aktivit\u00e4ten aufzuf\u00fchren ist an dieser Stelle sicherlich nicht \nm\u00f6glich.  Im Folgenden sollen jedoch einige Ereignisse hervorgehoben \nwerden. Ein  kultureller H\u00f6hepunkt war eine 6-t\u00e4gige Reise nach Rom, zu \nder die  Vereinigung deutsch-italienische Freundschaft eingeladen hatte.\n T\u00e4glich  standen Auftritte auf dem Programm. Daneben blieb noch \ngen\u00fcgend Zeit, um  Rom zu besichtigen, an einem Gottesdienst mit dem \nPapst teilzunehmen  und in Verona und Florenz Halt zu machen. Vor allem \nder Heimatabend in  Rieti war ein voller Erfolg. Ein herausragendes \nEreignis in der Vereinsgeschichte  war 1972 die Ausrichtung des Kreis-, \nMusik- und Trachtenfest&#8220; in  Waldkirchen.\n\n<\/p>\n\n\n\n<div class=\"wp-block-image\"><figure class=\"aligncenter\"><img loading=\"lazy\" decoding=\"async\" width=\"400\" height=\"260\" src=\"http:\/\/tv-waldkirchen.de\/wp-content\/uploads\/2020\/01\/chronik8.jpg\" alt=\"\" class=\"wp-image-182\" srcset=\"http:\/\/tv-waldkirchen.de\/wp-content\/uploads\/2020\/01\/chronik8.jpg 400w, http:\/\/tv-waldkirchen.de\/wp-content\/uploads\/2020\/01\/chronik8-300x195.jpg 300w\" sizes=\"auto, (max-width: 400px) 100vw, 400px\" \/><figcaption>  <em>Vereinsausflug nach Rom 1995 (PNP)<\/em>  <\/figcaption><\/figure><\/div>\n\n\n\n<div class=\"wp-block-columns has-2-columns is-layout-flex wp-container-core-columns-is-layout-9d6595d7 wp-block-columns-is-layout-flex\">\n<div class=\"wp-block-column is-layout-flow wp-block-column-is-layout-flow\">\n<p><strong>Kinder- und Jugendarbeit<\/strong>  Unter  der Leitung des \ndamaligen Ehrenvorstands Ludwig Fuchs wurde 1960  die  erste Kinder- und\n Jugendgruppe des Vereins gebildet. In den  letzten 40  Jahren war es \nimmer eine vorrangige Aufgabe, den Nachwuchs  im Verein zu  fordern und \nihm die Freude am Volkstanz und der  Brauchtumsarbeit zu  vermitteln. \nDabei kommt die Freizeitgestaltung und  das gesellige Leben  nat\u00fcrlich \nauch nicht zu kurz.  \n\n<\/p>\n\n\n\n<figure class=\"wp-block-image\"><img loading=\"lazy\" decoding=\"async\" width=\"400\" height=\"285\" src=\"http:\/\/tv-waldkirchen.de\/wp-content\/uploads\/2020\/01\/Chronik9.jpg\" alt=\"\" class=\"wp-image-183\" srcset=\"http:\/\/tv-waldkirchen.de\/wp-content\/uploads\/2020\/01\/Chronik9.jpg 400w, http:\/\/tv-waldkirchen.de\/wp-content\/uploads\/2020\/01\/Chronik9-300x214.jpg 300w\" sizes=\"auto, (max-width: 400px) 100vw, 400px\" \/><figcaption>  <em>Werbefahrt nach Gelsenkirchen 1980<\/em> <\/figcaption><\/figure>\n\n\n\n<figure class=\"wp-block-image\"><img loading=\"lazy\" decoding=\"async\" width=\"400\" height=\"244\" src=\"http:\/\/tv-waldkirchen.de\/wp-content\/uploads\/2020\/01\/Chronik11.jpg\" alt=\"\" class=\"wp-image-184\" srcset=\"http:\/\/tv-waldkirchen.de\/wp-content\/uploads\/2020\/01\/Chronik11.jpg 400w, http:\/\/tv-waldkirchen.de\/wp-content\/uploads\/2020\/01\/Chronik11-300x183.jpg 300w\" sizes=\"auto, (max-width: 400px) 100vw, 400px\" \/><figcaption> <em>Auftritt Dreschersuppe am Marktplatz Waldkirchen<\/em> <\/figcaption><\/figure>\n<\/div>\n\n\n\n<div class=\"wp-block-column is-layout-flow wp-block-column-is-layout-flow\">\n<p><strong>Jugendabzeichen in Gold f\u00fcr Helga Huml und Franz Kindermann<\/strong>\n Als  Anerkennung f\u00fcr ihre Verdienste um die Jugendarbeit haben Helga \nHuml  und Franz Kindermann 1993 das Jugendabzeichen des Bayerischen  \nTrachtengaues in Gold erhalten. Die Verleihung der Ehrenurkunden mit  \nEhrenzeichen erfolgte im Trachtenst\u00fcberl vom Trachtenverein Jacking.  \nHelga Huml ist seit 1977 im Verein als Trachtenwart t\u00e4tig. Seit zehn  \nJahren ist sie mit den Kindern und Jugendlichen f\u00fcr die Durchf\u00fchrung der\n  Weihnachtsfeier verantwortlich. Dar\u00fcber hinaus wird mit den Kindern \ndas  Osterbrauchtum unter ihrer Regie gepflegt. Vorsitzender Franz \nKindermann ist seit  1975 Motor des Vereins. Nach Aufbau der ersten \nKinder- und Jugendgruppen  in den 70er und 80er Jahren versteht er es \nbis heute, Trachtler f\u00fcr  ihre Heimat zu begeistern. So wurden bisher \nMarterl in Erlauzwiesel und  Sa\u00dfbachm\u00fchle, die Zwieselholzkapelle und \nder heilige Bruder Konrad in  der Stadtpfarrkirche restauriert, \nweiterhin das Waffen-Christi-Kreuz in  der Sa\u00dfbachm\u00fchle. \n\n<\/p>\n<\/div>\n<\/div>\n\n\n\n<div class=\"wp-block-columns has-2-columns is-layout-flex wp-container-core-columns-is-layout-9d6595d7 wp-block-columns-is-layout-flex\">\n<div class=\"wp-block-column is-layout-flow wp-block-column-is-layout-flow\">\n<p>\n Besonders  erfreulich ist, dass sich Kinder und Jugendliche mit ihren \nEltern auch  des kirchlichen Brauchtums annehmen: Palmbuschenbinden, \nOsterwanderung  mit Oascheibn, Gestaltung der Maiandacht. In diesem Jahr\n wurde in der  Stadt Waldkirchen auch ein Seminar \u00fcber Aufgaben, \nStellenwert, Ziele der  Brauchtumsarbeit mit den Jugendlichen des \nVereins durchgef\u00fchrt. \n\n<\/p>\n<\/div>\n\n\n\n<div class=\"wp-block-column is-layout-flow wp-block-column-is-layout-flow\">\n<figure class=\"wp-block-image\"><img loading=\"lazy\" decoding=\"async\" width=\"400\" height=\"490\" src=\"http:\/\/tv-waldkirchen.de\/wp-content\/uploads\/2020\/01\/Chronik10.jpg\" alt=\"\" class=\"wp-image-185\" srcset=\"http:\/\/tv-waldkirchen.de\/wp-content\/uploads\/2020\/01\/Chronik10.jpg 400w, http:\/\/tv-waldkirchen.de\/wp-content\/uploads\/2020\/01\/Chronik10-245x300.jpg 245w\" sizes=\"auto, (max-width: 400px) 100vw, 400px\" \/><figcaption>  <em>Helga Huml und Franz Kindermann<\/em> <\/figcaption><\/figure>\n<\/div>\n<\/div>\n\n\n\n<div class=\"wp-block-columns has-2-columns is-layout-flex wp-container-core-columns-is-layout-9d6595d7 wp-block-columns-is-layout-flex\">\n<div class=\"wp-block-column is-layout-flow wp-block-column-is-layout-flow\">\n<p><strong>75-j\u00e4hriges Gr\u00fcndungsfest mit Fahnenweihe und Gautrachtenfest des Dreifl\u00fcsse- Trachtengaues Passau vom   11. bis 13.  August 2000 <\/strong><br>Eines\n  der gr\u00f6\u00dften Feste in der Vereinsgeschichte war sicherlich 1975 das  \nGr\u00fcndungsfest anl\u00e4sslich des 50-j\u00e4hrigen Bestehens. Verbunden mit dem  \nGautrachtenfest kamen zu dieser Veranstaltung zahlreiche Vereine nach  \nWaldkirchen. Der Festzug bot ein beeindruckendes Bild auf dem  \nMarktplatz. &nbsp; Der  Wahlspruch der Waldlerbuam&#8220; &#8211; Getreu dem guten alten \nBrauch &#8211; wird in  der Vereinsarbeit sehr ernst genommen. Dieser \nLeitgedanke bezieht sich  allerdings nicht nur auf die Pflege der \nTrachten und des Brauchtums,  sondern auch f\u00fcr den Erhalt und die \nInstandsetzung kirchlicher  Gegenst\u00e4nde. Bereits 1979 wurde die Figur \ndes heiligen Antonius an der  Stadtpfarrkirche Waldkirchen einer \ngr\u00fcndlichen Restaurierung unterzogen.  In den folgenden Jahren wurden \nnoch weitere Wegkreuze, Kapellen,  Marterl und \u00e4hnliches hergerichtet. &nbsp;\n Das  Fest begann bereits am Freitag mit der Einweihung eines Marterls \nin  Oberh\u00f6henstetten und einer Trachtenpuppenausstellung von Franziska  \nRettenbacher im B\u00fcrgerhaus in Waldkirchen. Am Samstag war die Er\u00f6ffnung \n des Handwerkermarktes, dem sich ein Heimatabend unter dem Motto  \n&#8222;Brauchtum rund um Waldkirchen&#8220; anschloss. Neben den beiden  \nPatenvereinen aus Witzmannsberg und Jacking wirkten der Jubelverein, die\n  Waldkirchener Trachtenvereine aus Ratzing und Erlauzwiesel sowie die  \nTanz- und Plattlergruppen des Dreifl\u00fcssegaues Passau mit. Diese  \nBrauchtumsveranstaltung fand hervorragenden Anklang bei der Bev\u00f6lkerung \n und Besuchern. Das Brauchtum rund um Waldkirchen wurde von den  \nRauhnachtlern, Marktrichterverein, Waldkirchener Sternsinger,  \nDrischl-Drescher, Emerenz- Maier &#8211; Verein sowie den Graineter  \nSalzs\u00e4umern gestaltet. \n\n<\/p>\n<\/div>\n\n\n\n<div class=\"wp-block-column is-layout-flow wp-block-column-is-layout-flow\">\n<figure class=\"wp-block-image\"><img loading=\"lazy\" decoding=\"async\" width=\"400\" height=\"291\" src=\"http:\/\/tv-waldkirchen.de\/wp-content\/uploads\/2020\/01\/Chronik12.jpg\" alt=\"\" class=\"wp-image-186\" srcset=\"http:\/\/tv-waldkirchen.de\/wp-content\/uploads\/2020\/01\/Chronik12.jpg 400w, http:\/\/tv-waldkirchen.de\/wp-content\/uploads\/2020\/01\/Chronik12-300x218.jpg 300w\" sizes=\"auto, (max-width: 400px) 100vw, 400px\" \/><\/figure>\n\n\n\n<figure class=\"wp-block-image\"><img loading=\"lazy\" decoding=\"async\" width=\"400\" height=\"284\" src=\"http:\/\/tv-waldkirchen.de\/wp-content\/uploads\/2020\/01\/Chronik13.jpg\" alt=\"\" class=\"wp-image-187\" srcset=\"http:\/\/tv-waldkirchen.de\/wp-content\/uploads\/2020\/01\/Chronik13.jpg 400w, http:\/\/tv-waldkirchen.de\/wp-content\/uploads\/2020\/01\/Chronik13-300x213.jpg 300w\" sizes=\"auto, (max-width: 400px) 100vw, 400px\" \/><figcaption>  <em>Festgottesdienst mit Fahnenmutter, Festdamen, Schirmherrn Peter Jarosch und Landrat Alfons Hellauer<\/em> <\/figcaption><\/figure>\n<\/div>\n<\/div>\n\n\n\n<figure class=\"wp-block-image\"><img loading=\"lazy\" decoding=\"async\" width=\"800\" height=\"463\" src=\"http:\/\/tv-waldkirchen.de\/wp-content\/uploads\/2020\/01\/Chronik14.jpg\" alt=\"\" class=\"wp-image-188\" srcset=\"http:\/\/tv-waldkirchen.de\/wp-content\/uploads\/2020\/01\/Chronik14.jpg 800w, http:\/\/tv-waldkirchen.de\/wp-content\/uploads\/2020\/01\/Chronik14-300x174.jpg 300w, http:\/\/tv-waldkirchen.de\/wp-content\/uploads\/2020\/01\/Chronik14-768x444.jpg 768w\" sizes=\"auto, (max-width: 800px) 100vw, 800px\" \/><figcaption> <em>Der Jubelverein beim 75-j\u00e4hrigen Gr\u00fcndungsfest mit Fahnenweihe sowie Gautrachtenfest des Dreifl\u00fcssegaues Passau<\/em> <\/figcaption><\/figure>\n\n\n\n<div class=\"wp-block-image\"><figure class=\"aligncenter\"><img loading=\"lazy\" decoding=\"async\" width=\"400\" height=\"327\" src=\"http:\/\/tv-waldkirchen.de\/wp-content\/uploads\/2020\/01\/Chronik15.jpg\" alt=\"\" class=\"wp-image-189\" srcset=\"http:\/\/tv-waldkirchen.de\/wp-content\/uploads\/2020\/01\/Chronik15.jpg 400w, http:\/\/tv-waldkirchen.de\/wp-content\/uploads\/2020\/01\/Chronik15-300x245.jpg 300w\" sizes=\"auto, (max-width: 400px) 100vw, 400px\" \/><figcaption>  <em>Fahnenmutter Helga Huml mit Festdamen<\/em> <\/figcaption><\/figure><\/div>\n\n\n\n<div class=\"wp-block-columns has-2-columns is-layout-flex wp-container-core-columns-is-layout-9d6595d7 wp-block-columns-is-layout-flex\">\n<div class=\"wp-block-column is-layout-flow wp-block-column-is-layout-flow\">\n<p> Franz Kindermann ist  aufgrund \nseiner Verdienste nach einstimmigem Beschluss des  Gauausschusses 2005 \nzum Gau &#8211; Ehrenmitglied des Dreifl\u00fcsse &#8211;  Trachtengaus ernannt worden. \nAls Ehrenvorstand des Trachtenvereins und  Ehrenmitglied im Gau sei es \nihm weiterhin ein Anliegen, Brauchtum und  Kultur in ihrer alten Form \nmit erhalten zu wollen. Stolz pr\u00e4sentierte  Franz Kindermann seine \nErnennungsurkunde vor dem im Jahre 1995 vom  Trachtenverein \nrestaurierten &#8222;Waffen-Christi-Kreuz&#8220; an der Sa\u00dfbachm\u00fchle  mit den \nVorst\u00e4nden aus Waldkirchen, Witzmannsberg und Freyung.\n\n<\/p>\n<\/div>\n\n\n\n<div class=\"wp-block-column is-layout-flow wp-block-column-is-layout-flow\">\n<figure class=\"wp-block-image\"><img loading=\"lazy\" decoding=\"async\" width=\"400\" height=\"549\" src=\"http:\/\/tv-waldkirchen.de\/wp-content\/uploads\/2020\/01\/Chronik16.jpg\" alt=\"\" class=\"wp-image-190\" srcset=\"http:\/\/tv-waldkirchen.de\/wp-content\/uploads\/2020\/01\/Chronik16.jpg 400w, http:\/\/tv-waldkirchen.de\/wp-content\/uploads\/2020\/01\/Chronik16-219x300.jpg 219w\" sizes=\"auto, (max-width: 400px) 100vw, 400px\" \/><figcaption> <em>Das im Jahre 1995 renovierte Waffen &#8211; Christi &#8211; Kreuzes 1995 in der Sa\u00dfbachm\u00fchle<\/em>  <\/figcaption><\/figure>\n<\/div>\n<\/div>\n\n\n\n<div class=\"wp-block-columns has-2-columns is-layout-flex wp-container-core-columns-is-layout-9d6595d7 wp-block-columns-is-layout-flex\">\n<div class=\"wp-block-column is-layout-flow wp-block-column-is-layout-flow\">\n<p><strong>80-j\u00e4hriges Gr\u00fcndungsfest 2005 <br> <\/strong>\n Mit einem &#8222;kleinen&#8220; Fest  feierte der Trachtenverein Waldlerbuam&#8220; \nWaldkirchen 2005 sein 80-  j\u00e4hriges Bestehen. In einem Festzelt neben \ndem Vereinslokal in  Sa\u00dfbachm\u00fchle wurde dieses Jubil\u00e4um gefeiert. Bei  \nstrahlendem Sonnenschein wurde der Festtag als H\u00f6hepunkt mit  \nFestgottesdienst und Weihe der neuen Fahne gefeiert. Bei der festlich  \ngeschm\u00fcckten Karoli-Kapelle zelebrierte Pfarrer Kessler die  \nWaldler-Messe, die musikalisch von den Trachtenvereinen aus Freyung und \n Ra\u00dfreuth umrahmt wurde. Der Festzug mit \u00fcber 3000 Trachtlern,  \nBrauchtumsgruppen und \u00f6rtlichen Vereinen bildete eine wunderbare Kulisse\n  durch das festlich geschm\u00fcckte Waldkirchen und zeigte die Vielfalt und\n  Lebendigkeit der Tracht in unserer niederbayerischen Heimat. Unser \nVerein stand 2003 Pate beim Trachtenverein .Wolfstoana Buam&#8220; anl\u00e4sslich \ndes 50-j\u00e4hrigen Gr\u00fcndungsfestes. &nbsp; Am  ersten Tag wurden vom 1. Vorstand\n Ludwig Bauer und seiner  Stellvertreterin Sieglinde Lang zahlreiche \nVereinsmitglieder f\u00fcr  40-j\u00e4hrige Treue zum Verein geehrt. Eine \nbesondere Ehrung f\u00fcr  langj\u00e4hrige Mitgliedschaft erfuhren die 2. \nVorsitzende Siglinde Lang  sowie die Vereinsmitglieder Josefund Ursula \nS\u00fcss. Als  gro\u00dfe \u00dcberraschung und vor allem als Anerkennung seiner \ngro\u00dfen  Verdienste um den Verein wurde der ehemalige Vorstand Franz \nKindermann  von der Vereinsf\u00fchrung zum Ehrenvorstand ernannt. Franz \nKindermann  \u00fcbernahm als neuzehnj\u00e4hriger das Amt des 1. Vorstands und \nf\u00fchrte den  Verein \u00fcber 30 Jahre wo er sich unerm\u00fcdlich f\u00fcr Brauchtum \nund Kultur  einsetzte. Sieglinde Lang dankte dem Geehrten und  f\u00fchrte \nunz\u00e4hlige Veranstaltungen auf, die der Franz organisiert,  angeregt, \ngeplant und durchgef\u00fchrt hat, auch dass der Verein so gut wie  jetzt da \nsteht, ist der Verdienst von Franz Kindermann.<br>\n Die aktuelle  F\u00fchrungsriege sowie B\u00fcrgermeister Josef H\u00f6ppler \n\u00fcberreichten die  Ehrennadel und die Ernennungsurkunde. Die musikalische\n Umrahmung  gestaltete der Vereinsmusikant Hans Maier mit der \nUnterst\u00fctzung der  Witzmannsberger Trachtler.\n\n<\/p>\n<\/div>\n\n\n\n<div class=\"wp-block-column is-layout-flow wp-block-column-is-layout-flow\">\n<figure class=\"wp-block-image\"><img loading=\"lazy\" decoding=\"async\" width=\"400\" height=\"325\" src=\"http:\/\/tv-waldkirchen.de\/wp-content\/uploads\/2020\/01\/Chronik17.jpg\" alt=\"\" class=\"wp-image-191\" srcset=\"http:\/\/tv-waldkirchen.de\/wp-content\/uploads\/2020\/01\/Chronik17.jpg 400w, http:\/\/tv-waldkirchen.de\/wp-content\/uploads\/2020\/01\/Chronik17-300x244.jpg 300w\" sizes=\"auto, (max-width: 400px) 100vw, 400px\" \/><figcaption>  <em>1. Vorsitzender Ludwig Bauer mit Ehefrau Franziska<\/em> <\/figcaption><\/figure>\n\n\n\n<figure class=\"wp-block-image\"><img loading=\"lazy\" decoding=\"async\" width=\"400\" height=\"313\" src=\"http:\/\/tv-waldkirchen.de\/wp-content\/uploads\/2020\/01\/Chronik18.jpg\" alt=\"\" class=\"wp-image-192\" srcset=\"http:\/\/tv-waldkirchen.de\/wp-content\/uploads\/2020\/01\/Chronik18.jpg 400w, http:\/\/tv-waldkirchen.de\/wp-content\/uploads\/2020\/01\/Chronik18-300x235.jpg 300w\" sizes=\"auto, (max-width: 400px) 100vw, 400px\" \/><figcaption>  <em>v.l.:  Vorstand Ludwig Bauer, B\u00fcrgermeister Josef H\u00f6ppler, Ehrenvorstand Franz  Kindermann, Fahnenmutter Helga Huml, Ursula S\u00fcss, Siglinde Lang  (40-j\u00e4hrige Mitgliedschaft)<\/em> <\/figcaption><\/figure>\n\n\n\n<p><\/p>\n<\/div>\n<\/div>\n\n\n\n<div class=\"wp-block-columns has-2-columns is-layout-flex wp-container-core-columns-is-layout-9d6595d7 wp-block-columns-is-layout-flex\">\n<div class=\"wp-block-column is-layout-flow wp-block-column-is-layout-flow\">\n<figure class=\"wp-block-image\"><img loading=\"lazy\" decoding=\"async\" width=\"400\" height=\"491\" src=\"http:\/\/tv-waldkirchen.de\/wp-content\/uploads\/2020\/01\/Chronik19.jpg\" alt=\"\" class=\"wp-image-193\" srcset=\"http:\/\/tv-waldkirchen.de\/wp-content\/uploads\/2020\/01\/Chronik19.jpg 400w, http:\/\/tv-waldkirchen.de\/wp-content\/uploads\/2020\/01\/Chronik19-244x300.jpg 244w\" sizes=\"auto, (max-width: 400px) 100vw, 400px\" \/><figcaption>  <em>Vorstand Ludwig Bauer erz\u00e4hlt die Entstehung der Pests\u00e4ule bei Sa\u00dfbach<\/em> <\/figcaption><\/figure>\n<\/div>\n\n\n\n<div class=\"wp-block-column is-layout-flow wp-block-column-is-layout-flow\">\n<p>\nDer zweite Jubil\u00e4umstag  stand ganz im Zeichen der Einweihung einer \nrenovierten Pests\u00e4ule bei  Sa\u00dfbach, zu der zahlreiche umliegende \nTrachtenvereine und G\u00e4ste bei  herrlichem Sonnenschein kamen. Nach der \nBegr\u00fc\u00dfung und einer kurzen  Vorstellung von Vorstand Ludwig Bauer \u00fcber \nden geschichtlichen  Hintergrund der Gedenks\u00e4ule konnte im \nanschlie\u00dfenden Wortgottesdienst  Kaplan Anton Spreitzer die kunstvoll \nrestaurierte S\u00e4ule einweihen, dabei  dankte er den Trachtlern f\u00fcr ihren \nEinsatz und die vielen  Arbeitsstunden die geleistet wurden. F\u00fcr die \nverstorbenen Mitglieder  legten die Vereinsvorst\u00e4nde noch einen Kranz an\n der S\u00e4ule nieder. Die  &#8222;Waldlerbuam&#8220; spenden den Reinerl\u00f6s dieser \nFeierlichkeiten f\u00fcr die  renovierungsbed\u00fcrftige Orgel der Pfarrkirche. \nWalter Wei\u00df dankte als 2.  Gauvorstand dem Jubelverein f\u00fcr die \njahrzehntelange gute Arbeit um die  Heimat- und Trachtensache. Zur \nUnterhaltung spielte die Freyunger  Tanzlmusi auf und es wurde flei\u00dfig \ngetanzt und geplattelt. Das gute  &#8222;Alte&#8220; pflegen und bewahren und sich \n&#8222;Neuem&#8220; nicht verschlie\u00dfen wird  weiterhin unsere gemeinsame Aufgabe in \nder Hoamat- und Brauchtumsarbeit  sein und bleiben \n\n<\/p>\n<\/div>\n<\/div>\n","protected":false},"excerpt":{"rendered":"","protected":false},"author":1,"featured_media":0,"parent":0,"menu_order":0,"comment_status":"closed","ping_status":"closed","template":"","meta":{"ngg_post_thumbnail":0,"footnotes":""},"class_list":["post-171","page","type-page","status-publish","hentry"],"_links":{"self":[{"href":"http:\/\/tv-waldkirchen.de\/index.php?rest_route=\/wp\/v2\/pages\/171","targetHints":{"allow":["GET"]}}],"collection":[{"href":"http:\/\/tv-waldkirchen.de\/index.php?rest_route=\/wp\/v2\/pages"}],"about":[{"href":"http:\/\/tv-waldkirchen.de\/index.php?rest_route=\/wp\/v2\/types\/page"}],"author":[{"embeddable":true,"href":"http:\/\/tv-waldkirchen.de\/index.php?rest_route=\/wp\/v2\/users\/1"}],"replies":[{"embeddable":true,"href":"http:\/\/tv-waldkirchen.de\/index.php?rest_route=%2Fwp%2Fv2%2Fcomments&post=171"}],"version-history":[{"count":4,"href":"http:\/\/tv-waldkirchen.de\/index.php?rest_route=\/wp\/v2\/pages\/171\/revisions"}],"predecessor-version":[{"id":194,"href":"http:\/\/tv-waldkirchen.de\/index.php?rest_route=\/wp\/v2\/pages\/171\/revisions\/194"}],"wp:attachment":[{"href":"http:\/\/tv-waldkirchen.de\/index.php?rest_route=%2Fwp%2Fv2%2Fmedia&parent=171"}],"curies":[{"name":"wp","href":"https:\/\/api.w.org\/{rel}","templated":true}]}}